{"id":3140,"date":"2018-06-26T09:23:00","date_gmt":"2018-06-26T09:23:00","guid":{"rendered":"https:\/\/www.sutearo.eus\/?page_id=3140"},"modified":"2020-12-24T08:08:44","modified_gmt":"2020-12-24T08:08:44","slug":"medios-de-comunicacion","status":"publish","type":"page","link":"https:\/\/www.sutearo.eus\/es\/medios-de-comunicacion\/","title":{"rendered":"Medios de comunicaci\u00f3n"},"content":{"rendered":"<p>[et_pb_section fb_built=\u00bb1&#8243; custom_padding_last_edited=\u00bbon|desktop\u00bb admin_label=\u00bbsection\u00bb _builder_version=\u00bb3.22.3&#8243; background_color=\u00bb#c7bfb6&#8243; custom_padding_tablet=\u00bb50px|0|50px|0&#8243; custom_padding_phone=\u00bb\u00bb][et_pb_row padding_mobile=\u00bboff\u00bb column_padding_mobile=\u00bbon\u00bb _builder_version=\u00bb3.25&#8243; background_size=\u00bbinitial\u00bb background_position=\u00bbtop_left\u00bb background_repeat=\u00bbrepeat\u00bb custom_margin=\u00bb-30px|||\u00bb][et_pb_column type=\u00bb4_4&#8243; _builder_version=\u00bb3.25&#8243; custom_padding=\u00bb|||\u00bb custom_padding__hover=\u00bb|||\u00bb][et_pb_text _builder_version=\u00bb3.27.4&#8243; text_text_color=\u00bb#978a7c\u00bb header_font=\u00bbRoboto Condensed||||\u00bb header_text_color=\u00bb#978a7c\u00bb background_size=\u00bbinitial\u00bb background_position=\u00bbtop_left\u00bb background_repeat=\u00bbrepeat\u00bb header_letter_spacing_tablet=\u00bb\u00bb header_letter_spacing_phone=\u00bb\u00bb header_letter_spacing_last_edited=\u00bbon|phone\u00bb use_border_color=\u00bboff\u00bb]<\/p>\n<h1><span style=\"color: #000000;\">MEDIOS DE COMUNICACI\u00d3N<\/span><\/h1>\n<p>[\/et_pb_text][\/et_pb_column][\/et_pb_row][et_pb_row padding_mobile=\u00bboff\u00bb column_padding_mobile=\u00bbon\u00bb admin_label=\u00bbrow\u00bb _builder_version=\u00bb3.25&#8243; background_size=\u00bbinitial\u00bb background_position=\u00bbtop_left\u00bb background_repeat=\u00bbrepeat\u00bb custom_margin=\u00bb-50px|||\u00bb column_structure=\u00bb1_2,1_2&#8243;][et_pb_column type=\u00bb1_2&#8243; _builder_version=\u00bb3.25&#8243; custom_padding=\u00bb|||\u00bb custom_padding__hover=\u00bb|||\u00bb][et_pb_divider _builder_version=\u00bb3.4.1&#8243; background_color=\u00bb#32211e\u00bb height=\u00bb1px\u00bb][\/et_pb_divider][et_pb_text _builder_version=\u00bb3.27.4&#8243; text_text_color=\u00bb#ffffff\u00bb text_font_size=\u00bb20&#8243; text_line_height=\u00bb1.2em\u00bb header_font=\u00bbMerriweather||||\u00bb background_color=\u00bbrgba(255,255,255,0)\u00bb background_size=\u00bbinitial\u00bb background_position=\u00bbtop_left\u00bb background_repeat=\u00bbrepeat\u00bb use_border_color=\u00bboff\u00bb]<\/p>\n<p><span style=\"color: #000000;\">MEDIO:<br \/> <strong><span style=\"color: #997700;\">EKOLURRA<\/span><br \/> <\/strong>FECHA DE INSERCI\u00d3N:<br \/> <span style=\"color: #997700;\"><strong>2019-JULIO<br \/> <\/strong><a href=\"https:\/\/www.sutearo.eus\/wp-content\/uploads\/2019\/11\/Ekolurra-2019ko-uztaila-44.pdf\" target=\"_blank\" rel=\"noopener noreferrer\"><span style=\"color: #000000;\">Ver pdf\u00bb<\/span><\/a><strong><br \/> <\/strong><\/span><\/span><\/p>\n<p>[\/et_pb_text][et_pb_image src=\u00bbhttps:\/\/www.sutearo.eus\/wp-content\/uploads\/2019\/11\/Ekolurra-2019ko-uztaila-e1573536312738.jpg\u00bb show_in_lightbox=\u00bbon\u00bb _builder_version=\u00bb3.24.1&#8243; width=\u00bb75%\u00bb custom_margin=\u00bb-15px|||\u00bb always_center_on_mobile=\u00bboff\u00bb][\/et_pb_image][et_pb_divider _builder_version=\u00bb3.4.1&#8243; background_color=\u00bb#32211e\u00bb height=\u00bb1px\u00bb][\/et_pb_divider][et_pb_text _builder_version=\u00bb3.27.4&#8243; text_text_color=\u00bb#ffffff\u00bb text_font_size=\u00bb20&#8243; text_line_height=\u00bb1.2em\u00bb header_font=\u00bbMerriweather||||\u00bb background_color=\u00bbrgba(255,255,255,0)\u00bb background_size=\u00bbinitial\u00bb background_position=\u00bbtop_left\u00bb background_repeat=\u00bbrepeat\u00bb use_border_color=\u00bboff\u00bb]<\/p>\n<p><span style=\"color: #000000;\">MEDIO:<br \/> <strong><span style=\"color: #997700;\">ETXALDE<\/span><br \/> <\/strong>FECHA DE INSERCI\u00d3N:<br \/> <span style=\"color: #997700;\"><strong>2019-JULIO<br \/> <\/strong><span style=\"color: #000000;\"><a href=\"https:\/\/www.sutearo.eus\/wp-content\/uploads\/2019\/11\/2019ko-udako-Etxalde.pdf\" target=\"_blank\" rel=\"noopener noreferrer\" style=\"color: #000000;\">Ver pdf\u00bb<\/a><\/span><strong><br \/> <\/strong><\/span><\/span><\/p>\n<p>[\/et_pb_text][et_pb_image src=\u00bbhttps:\/\/www.sutearo.eus\/wp-content\/uploads\/2019\/11\/2019ko-udako-Etxalde-10.jpg\u00bb show_in_lightbox=\u00bbon\u00bb _builder_version=\u00bb3.24.1&#8243; max_width=\u00bb75%\u00bb custom_margin=\u00bb-15px|||\u00bb always_center_on_mobile=\u00bboff\u00bb][\/et_pb_image][et_pb_divider _builder_version=\u00bb3.4.1&#8243; background_color=\u00bb#32211e\u00bb height=\u00bb1px\u00bb][\/et_pb_divider][et_pb_text _builder_version=\u00bb3.27.4&#8243; text_text_color=\u00bb#ffffff\u00bb text_font_size=\u00bb20&#8243; text_line_height=\u00bb1.2em\u00bb header_font=\u00bbMerriweather||||\u00bb background_color=\u00bbrgba(255,255,255,0)\u00bb background_size=\u00bbinitial\u00bb background_position=\u00bbtop_left\u00bb background_repeat=\u00bbrepeat\u00bb use_border_color=\u00bboff\u00bb]<\/p>\n<p><span style=\"color: #000000;\">MEDIO: <br \/><strong><span style=\"color: #997700;\">NAIZ<\/span><br \/> <\/strong>FECHA DE INSERCI\u00d3N:\u00a0<br \/><span style=\"color: #997700;\"><strong>2019-ABRIL<\/strong><\/span><\/span><\/p>\n<p>[\/et_pb_text][et_pb_image src=\u00bbhttps:\/\/www.sutearo.eus\/wp-content\/uploads\/2019\/11\/SUTEARO-300&#215;300.gif\u00bb show_in_lightbox=\u00bbon\u00bb _builder_version=\u00bb3.24.1&#8243; max_width=\u00bb75%\u00bb custom_margin=\u00bb-15px|||\u00bb always_center_on_mobile=\u00bboff\u00bb][\/et_pb_image][et_pb_divider _builder_version=\u00bb3.4.1&#8243; background_color=\u00bb#32211e\u00bb height=\u00bb1px\u00bb][\/et_pb_divider][et_pb_text _builder_version=\u00bb3.27.4&#8243; text_text_color=\u00bb#ffffff\u00bb text_font_size=\u00bb20&#8243; text_line_height=\u00bb1.2em\u00bb header_font=\u00bbMerriweather||||\u00bb background_color=\u00bbrgba(255,255,255,0)\u00bb background_size=\u00bbinitial\u00bb background_position=\u00bbtop_left\u00bb background_repeat=\u00bbrepeat\u00bb use_border_color=\u00bboff\u00bb]<\/p>\n<p><span style=\"color: #000000;\">MEDIO: <br \/><strong><span style=\"color: #997700;\">TOKIKOM\u00a0Komunikabideen Bateragunea (23 medios)<\/span><br \/> <\/strong>FECHA DE EMISI\u00d3N:\u00a0<br \/><span style=\"color: #997700;\"><strong>2018-6-29<\/strong><\/span><\/span><\/p>\n<p>[\/et_pb_text][et_pb_code _builder_version=\u00bb4.7.7&#8243; custom_margin=\u00bb-15px|||\u00bb hover_enabled=\u00bb0&#8243; sticky_enabled=\u00bb0&#8243;]<iframe loading=\"lazy\" width=\"560\" height=\"315\" src=\"https:\/\/www.youtube.com\/embed\/1cowOtRllmA?rel=0&#038;showinfo=0&#038;rel=0\" frameborder=\"0\" allow=\"autoplay; encrypted-media\" allowfullscreen><\/iframe>[\/et_pb_code][\/et_pb_column][et_pb_column type=\u00bb1_2&#8243; _builder_version=\u00bb3.25&#8243; custom_padding=\u00bb|||\u00bb custom_padding__hover=\u00bb|||\u00bb][\/et_pb_column][\/et_pb_row][et_pb_row padding_mobile=\u00bboff\u00bb column_padding_mobile=\u00bbon\u00bb admin_label=\u00bbrow\u00bb _builder_version=\u00bb3.25&#8243; background_size=\u00bbinitial\u00bb background_position=\u00bbtop_left\u00bb background_repeat=\u00bbrepeat\u00bb custom_margin=\u00bb-50px|||\u00bb column_structure=\u00bb1_2,1_2&#8243;][et_pb_column type=\u00bb1_2&#8243; _builder_version=\u00bb3.25&#8243; custom_padding=\u00bb|||\u00bb custom_padding__hover=\u00bb|||\u00bb][et_pb_divider _builder_version=\u00bb3.4.1&#8243; background_color=\u00bb#32211e\u00bb height=\u00bb1px\u00bb custom_margin=\u00bb15px|||\u00bb][\/et_pb_divider][et_pb_text _builder_version=\u00bb3.27.4&#8243; text_text_color=\u00bb#ffffff\u00bb text_font_size=\u00bb20&#8243; text_line_height=\u00bb1.2em\u00bb header_font=\u00bbMerriweather||||\u00bb background_color=\u00bbrgba(255,255,255,0)\u00bb background_size=\u00bbinitial\u00bb background_position=\u00bbtop_left\u00bb background_repeat=\u00bbrepeat\u00bb use_border_color=\u00bboff\u00bb]<\/p>\n<p><span style=\"color: #000000;\">MEDIO: <br \/><strong><span style=\"color: #997700;\"><span>TOKIKOM\u00a0Komunikabideen Bateragunea (23 medios)<\/span><\/span><br \/> <\/strong>FECHA DE INSERCI\u00d3N:\u00a0<br \/><span style=\"color: #997700;\"><strong>2018-6-29<\/strong><\/span><\/span><\/p>\n<p>[\/et_pb_text][et_pb_image src=\u00bbhttps:\/\/www.sutearo.eus\/wp-content\/uploads\/2018\/06\/Sutearo-300&#215;250.gif\u00bb show_in_lightbox=\u00bbon\u00bb _builder_version=\u00bb3.23&#8243; max_width=\u00bb75%\u00bb custom_margin=\u00bb-15px|||\u00bb always_center_on_mobile=\u00bboff\u00bb][\/et_pb_image][et_pb_image src=\u00bbhttps:\/\/www.sutearo.eus\/wp-content\/uploads\/2018\/06\/Sutearo-300&#215;600.gif\u00bb show_in_lightbox=\u00bbon\u00bb _builder_version=\u00bb3.23&#8243; max_width=\u00bb75%\u00bb custom_margin=\u00bb-15px|||\u00bb always_center_on_mobile=\u00bboff\u00bb][\/et_pb_image][et_pb_image src=\u00bbhttps:\/\/www.sutearo.eus\/wp-content\/uploads\/2018\/06\/Sutearo-728&#215;90.gif\u00bb show_in_lightbox=\u00bbon\u00bb _builder_version=\u00bb3.23&#8243; max_width=\u00bb75%\u00bb custom_margin=\u00bb-15px|||\u00bb always_center_on_mobile=\u00bboff\u00bb][\/et_pb_image][\/et_pb_column][et_pb_column type=\u00bb1_2&#8243; _builder_version=\u00bb3.25&#8243; custom_padding=\u00bb|||\u00bb custom_padding__hover=\u00bb|||\u00bb][\/et_pb_column][\/et_pb_row][et_pb_row padding_mobile=\u00bboff\u00bb column_padding_mobile=\u00bbon\u00bb admin_label=\u00bbrow\u00bb _builder_version=\u00bb3.25&#8243; background_size=\u00bbinitial\u00bb background_position=\u00bbtop_left\u00bb background_repeat=\u00bbrepeat\u00bb custom_margin=\u00bb-50px|||\u00bb column_structure=\u00bb1_2,1_2&#8243;][et_pb_column type=\u00bb1_2&#8243; _builder_version=\u00bb3.25&#8243; custom_padding=\u00bb|||\u00bb custom_padding__hover=\u00bb|||\u00bb][et_pb_divider _builder_version=\u00bb3.4.1&#8243; background_color=\u00bb#32211e\u00bb height=\u00bb1px\u00bb custom_margin=\u00bb15px|||\u00bb][\/et_pb_divider][et_pb_text _builder_version=\u00bb3.27.4&#8243; text_text_color=\u00bb#ffffff\u00bb text_font_size=\u00bb20&#8243; text_line_height=\u00bb1.2em\u00bb header_font=\u00bbMerriweather||||\u00bb background_color=\u00bbrgba(255,255,255,0)\u00bb background_size=\u00bbinitial\u00bb background_position=\u00bbtop_left\u00bb background_repeat=\u00bbrepeat\u00bb background_layout=\u00bbdark\u00bb use_border_color=\u00bboff\u00bb]<\/p>\n<p><span style=\"color: #000000;\">MEDIO:<br \/> <strong><span style=\"color: #997700;\">GOIENA ALDIZKARIA<\/span><br \/> <\/strong>FECHA DE PUBLICACI\u00d3N:<br \/> <span style=\"color: #997700;\"><strong>2018-6-29<br \/> <\/strong><span style=\"color: #000000;\"><a href=\"https:\/\/www.sutearo.eus\/wp-content\/uploads\/2019\/11\/Goiena-eta-Urumeako-Kronika-BIS.pdf\" target=\"_blank\" rel=\"noopener noreferrer\" style=\"color: #000000;\">Ver pdf\u00bb<\/a><\/span><\/span><\/span><\/p>\n<p>[\/et_pb_text][et_pb_image src=\u00bbhttps:\/\/www.sutearo.eus\/wp-content\/uploads\/2018\/06\/Goiena-eta-Urumeako-Kronika-BIS.jpg\u00bb show_in_lightbox=\u00bbon\u00bb _builder_version=\u00bb3.23&#8243; max_width=\u00bb75%\u00bb custom_margin=\u00bb-15px|||\u00bb always_center_on_mobile=\u00bboff\u00bb][\/et_pb_image][\/et_pb_column][et_pb_column type=\u00bb1_2&#8243; _builder_version=\u00bb3.25&#8243; custom_padding=\u00bb|||\u00bb custom_padding__hover=\u00bb|||\u00bb][\/et_pb_column][\/et_pb_row][et_pb_row padding_mobile=\u00bboff\u00bb column_padding_mobile=\u00bbon\u00bb admin_label=\u00bbrow\u00bb _builder_version=\u00bb3.25&#8243; background_size=\u00bbinitial\u00bb background_position=\u00bbtop_left\u00bb background_repeat=\u00bbrepeat\u00bb custom_margin=\u00bb-50px|||\u00bb column_structure=\u00bb1_2,1_2&#8243;][et_pb_column type=\u00bb1_2&#8243; _builder_version=\u00bb3.25&#8243; custom_padding=\u00bb|||\u00bb custom_padding__hover=\u00bb|||\u00bb][et_pb_divider _builder_version=\u00bb3.4.1&#8243; background_color=\u00bb#32211e\u00bb height=\u00bb1px\u00bb custom_margin=\u00bb15px|||\u00bb][\/et_pb_divider][et_pb_text _builder_version=\u00bb3.27.4&#8243; text_text_color=\u00bb#ffffff\u00bb text_font_size=\u00bb20&#8243; text_line_height=\u00bb1.2em\u00bb header_font=\u00bbMerriweather||||\u00bb background_color=\u00bbrgba(255,255,255,0)\u00bb background_size=\u00bbinitial\u00bb background_position=\u00bbtop_left\u00bb background_repeat=\u00bbrepeat\u00bb background_layout=\u00bbdark\u00bb use_border_color=\u00bboff\u00bb]<\/p>\n<p><span style=\"color: #000000;\">MEDIO:<br \/> <strong><span style=\"color: #997700;\">AIARALDEA<\/span><br \/> <\/strong>FECHA DE PUBLICACI\u00d3N:<br \/> <span style=\"color: #997700;\"><strong>2018-1-31<br \/> <\/strong><span style=\"color: #000000;\"><a href=\"https:\/\/www.sutearo.eus\/wp-content\/uploads\/2019\/11\/Aiaraldea.pdf\" target=\"_blank\" rel=\"noopener noreferrer\" style=\"color: #000000;\">Ver pdf\u00bb<\/a><\/span><strong><br \/> <\/strong><\/span><\/span><\/p>\n<p>[\/et_pb_text][et_pb_image src=\u00bbhttps:\/\/www.sutearo.eus\/wp-content\/uploads\/2018\/06\/Aiaraldea.jpg\u00bb show_in_lightbox=\u00bbon\u00bb _builder_version=\u00bb3.23&#8243; max_width=\u00bb75%\u00bb custom_margin=\u00bb-15px|||\u00bb always_center_on_mobile=\u00bboff\u00bb][\/et_pb_image][\/et_pb_column][et_pb_column type=\u00bb1_2&#8243; _builder_version=\u00bb3.25&#8243; custom_padding=\u00bb|||\u00bb custom_padding__hover=\u00bb|||\u00bb][\/et_pb_column][\/et_pb_row][et_pb_row padding_mobile=\u00bboff\u00bb column_padding_mobile=\u00bbon\u00bb admin_label=\u00bbrow\u00bb _builder_version=\u00bb3.25&#8243; background_size=\u00bbinitial\u00bb background_position=\u00bbtop_left\u00bb background_repeat=\u00bbrepeat\u00bb custom_margin=\u00bb-50px|||\u00bb column_structure=\u00bb1_2,1_2&#8243;][et_pb_column type=\u00bb1_2&#8243; _builder_version=\u00bb3.25&#8243; custom_padding=\u00bb|||\u00bb custom_padding__hover=\u00bb|||\u00bb][et_pb_divider _builder_version=\u00bb3.4.1&#8243; background_color=\u00bb#32211e\u00bb height=\u00bb1px\u00bb custom_margin=\u00bb15px|||\u00bb][\/et_pb_divider][et_pb_text _builder_version=\u00bb3.27.4&#8243; text_text_color=\u00bb#ffffff\u00bb text_font_size=\u00bb20&#8243; text_line_height=\u00bb1.2em\u00bb header_font=\u00bbMerriweather||||\u00bb background_color=\u00bbrgba(255,255,255,0)\u00bb background_size=\u00bbinitial\u00bb background_position=\u00bbtop_left\u00bb background_repeat=\u00bbrepeat\u00bb background_layout=\u00bbdark\u00bb use_border_color=\u00bboff\u00bb]<\/p>\n<p><span style=\"color: #000000;\">MEDIO:<br \/> <strong><span style=\"color: #997700;\">GOIERRIKO HITZA<\/span><br \/> <\/strong>FECHA DE PUBLICACI\u00d3N:<br \/> <span style=\"color: #997700;\"><strong>2018-1-12<br \/> <\/strong><span style=\"color: #000000;\"><a href=\"https:\/\/www.sutearo.eus\/wp-content\/uploads\/2019\/11\/Goiherriko-Hitza.pdf\" target=\"_blank\" rel=\"noopener noreferrer\" style=\"color: #000000;\">Ver pdf\u00bb<\/a><\/span><strong><br \/> <\/strong><\/span><\/span><\/p>\n<p>[\/et_pb_text][et_pb_image src=\u00bbhttps:\/\/www.sutearo.eus\/wp-content\/uploads\/2018\/06\/Goiherriko-Hitza.jpg\u00bb show_in_lightbox=\u00bbon\u00bb _builder_version=\u00bb3.23&#8243; max_width=\u00bb75%\u00bb custom_margin=\u00bb-15px|||\u00bb always_center_on_mobile=\u00bboff\u00bb][\/et_pb_image][\/et_pb_column][et_pb_column type=\u00bb1_2&#8243; _builder_version=\u00bb3.25&#8243; custom_padding=\u00bb|||\u00bb custom_padding__hover=\u00bb|||\u00bb][\/et_pb_column][\/et_pb_row][et_pb_row padding_mobile=\u00bboff\u00bb column_padding_mobile=\u00bbon\u00bb admin_label=\u00bbrow\u00bb _builder_version=\u00bb3.25&#8243; background_size=\u00bbinitial\u00bb background_position=\u00bbtop_left\u00bb background_repeat=\u00bbrepeat\u00bb custom_margin=\u00bb-50px|||\u00bb column_structure=\u00bb1_2,1_2&#8243;][et_pb_column type=\u00bb1_2&#8243; _builder_version=\u00bb3.25&#8243; custom_padding=\u00bb|||\u00bb custom_padding__hover=\u00bb|||\u00bb][et_pb_divider _builder_version=\u00bb3.4.1&#8243; background_color=\u00bb#32211e\u00bb height=\u00bb1px\u00bb custom_margin=\u00bb15px|||\u00bb][\/et_pb_divider][et_pb_text _builder_version=\u00bb3.27.4&#8243; text_text_color=\u00bb#ffffff\u00bb text_font_size=\u00bb20&#8243; text_line_height=\u00bb1.2em\u00bb header_font=\u00bbMerriweather||||\u00bb background_color=\u00bbrgba(255,255,255,0)\u00bb background_size=\u00bbinitial\u00bb background_position=\u00bbtop_left\u00bb background_repeat=\u00bbrepeat\u00bb background_layout=\u00bbdark\u00bb use_border_color=\u00bboff\u00bb]<\/p>\n<p><span style=\"color: #000000;\">MEDIO:<br \/> <strong><span style=\"color: #997700;\">IRUTXULOKO HITZA<\/span><br \/> <\/strong>FECHA DE PUBLICACI\u00d3N:<br \/> <span style=\"color: #997700;\"><strong>2018-1-12<br \/> <\/strong><span style=\"color: #000000;\"><a href=\"https:\/\/www.sutearo.eus\/wp-content\/uploads\/2019\/11\/Irutxulokol-Hitza.pdf\" target=\"_blank\" rel=\"noopener noreferrer\" style=\"color: #000000;\">Ver pdf\u00bb<\/a><\/span><strong><br \/> <\/strong><\/span><\/span><\/p>\n<p>[\/et_pb_text][et_pb_image src=\u00bbhttps:\/\/www.sutearo.eus\/wp-content\/uploads\/2018\/06\/Irutxulokol-Hitza.jpg\u00bb show_in_lightbox=\u00bbon\u00bb _builder_version=\u00bb3.23&#8243; max_width=\u00bb75%\u00bb custom_margin=\u00bb-15px|||\u00bb always_center_on_mobile=\u00bboff\u00bb][\/et_pb_image][\/et_pb_column][et_pb_column type=\u00bb1_2&#8243; _builder_version=\u00bb3.25&#8243; custom_padding=\u00bb|||\u00bb custom_padding__hover=\u00bb|||\u00bb][\/et_pb_column][\/et_pb_row][et_pb_row padding_mobile=\u00bboff\u00bb column_padding_mobile=\u00bbon\u00bb admin_label=\u00bbrow\u00bb _builder_version=\u00bb3.25&#8243; background_size=\u00bbinitial\u00bb background_position=\u00bbtop_left\u00bb background_repeat=\u00bbrepeat\u00bb custom_margin=\u00bb-50px|||\u00bb column_structure=\u00bb1_2,1_2&#8243;][et_pb_column type=\u00bb1_2&#8243; _builder_version=\u00bb3.25&#8243; custom_padding=\u00bb|||\u00bb custom_padding__hover=\u00bb|||\u00bb][et_pb_divider _builder_version=\u00bb3.4.1&#8243; background_color=\u00bb#32211e\u00bb height=\u00bb1px\u00bb custom_margin=\u00bb15px|||\u00bb][\/et_pb_divider][et_pb_text _builder_version=\u00bb3.27.4&#8243; text_text_color=\u00bb#ffffff\u00bb text_font_size=\u00bb20&#8243; text_line_height=\u00bb1.2em\u00bb header_font=\u00bbMerriweather||||\u00bb background_color=\u00bbrgba(255,255,255,0)\u00bb background_size=\u00bbinitial\u00bb background_position=\u00bbtop_left\u00bb background_repeat=\u00bbrepeat\u00bb background_layout=\u00bbdark\u00bb use_border_color=\u00bboff\u00bb]<\/p>\n<p><span style=\"color: #000000;\">MEDIO:<br \/> <strong><span style=\"color: #997700;\">LEA-ARTIBAI, MUTRIKU ETA BUSTURIALDEKO HITZA<\/span><br \/> <\/strong>FECHA PUBLICACI\u00d3N:<br \/> <span style=\"color: #997700;\"><strong>2018-1-12<br \/> <\/strong><span style=\"color: #000000;\"><a href=\"https:\/\/www.sutearo.eus\/wp-content\/uploads\/2019\/11\/Lea-Artibai-Mutriku-eta-Bustrialdeko-Hitza.pdf\" target=\"_blank\" rel=\"noopener noreferrer\" style=\"color: #000000;\">Ver pdf\u00bb<\/a><\/span><strong><br \/> <\/strong><\/span><\/span><\/p>\n<p>[\/et_pb_text][et_pb_image src=\u00bbhttps:\/\/www.sutearo.eus\/wp-content\/uploads\/2018\/06\/Lea-Artibai-Mutriku-eta-Bustrialdeko-Hitza-15.jpg\u00bb show_in_lightbox=\u00bbon\u00bb _builder_version=\u00bb3.23&#8243; max_width=\u00bb75%\u00bb custom_margin=\u00bb-15px|||\u00bb always_center_on_mobile=\u00bboff\u00bb][\/et_pb_image][\/et_pb_column][et_pb_column type=\u00bb1_2&#8243; _builder_version=\u00bb3.25&#8243; custom_padding=\u00bb|||\u00bb custom_padding__hover=\u00bb|||\u00bb][\/et_pb_column][\/et_pb_row][et_pb_row padding_mobile=\u00bboff\u00bb column_padding_mobile=\u00bbon\u00bb admin_label=\u00bbrow\u00bb _builder_version=\u00bb3.25&#8243; background_size=\u00bbinitial\u00bb background_position=\u00bbtop_left\u00bb background_repeat=\u00bbrepeat\u00bb custom_margin=\u00bb-50px|||\u00bb column_structure=\u00bb1_2,1_2&#8243;][et_pb_column type=\u00bb1_2&#8243; _builder_version=\u00bb3.25&#8243; custom_padding=\u00bb|||\u00bb custom_padding__hover=\u00bb|||\u00bb][et_pb_divider _builder_version=\u00bb3.4.1&#8243; background_color=\u00bb#32211e\u00bb height=\u00bb1px\u00bb custom_margin=\u00bb15px|||\u00bb][\/et_pb_divider][et_pb_text _builder_version=\u00bb3.27.4&#8243; text_text_color=\u00bb#ffffff\u00bb text_font_size=\u00bb20&#8243; text_line_height=\u00bb1.2em\u00bb header_font=\u00bbMerriweather||||\u00bb background_color=\u00bbrgba(255,255,255,0)\u00bb background_size=\u00bbinitial\u00bb background_position=\u00bbtop_left\u00bb background_repeat=\u00bbrepeat\u00bb background_layout=\u00bbdark\u00bb use_border_color=\u00bboff\u00bb]<\/p>\n<p><span style=\"color: #000000;\">MEDIO:<br \/> <strong><span style=\"color: #997700;\">OARSOALDEKO HITZA<\/span><br \/> <\/strong>FECHA DE PUBLICACI\u00d3N:<br \/> <span style=\"color: #997700;\"><strong>2018-1-12<br \/> <\/strong><span style=\"color: #000000;\"><a href=\"https:\/\/www.sutearo.eus\/wp-content\/uploads\/2019\/11\/Oarsoaldeko-Hitza.pdf\" target=\"_blank\" rel=\"noopener noreferrer\" style=\"color: #000000;\">Ver pdf\u00bb<\/a><\/span><strong><br \/> <\/strong><\/span><\/span><\/p>\n<p>[\/et_pb_text][et_pb_image src=\u00bbhttps:\/\/www.sutearo.eus\/wp-content\/uploads\/2018\/06\/Oarsoaldeko-Hitza.jpg\u00bb show_in_lightbox=\u00bbon\u00bb _builder_version=\u00bb3.23&#8243; max_width=\u00bb75%\u00bb custom_margin=\u00bb-15px|||\u00bb always_center_on_mobile=\u00bboff\u00bb][\/et_pb_image][\/et_pb_column][et_pb_column type=\u00bb1_2&#8243; _builder_version=\u00bb3.25&#8243; custom_padding=\u00bb|||\u00bb custom_padding__hover=\u00bb|||\u00bb][\/et_pb_column][\/et_pb_row][et_pb_row padding_mobile=\u00bboff\u00bb column_padding_mobile=\u00bbon\u00bb admin_label=\u00bbrow\u00bb _builder_version=\u00bb3.25&#8243; background_size=\u00bbinitial\u00bb background_position=\u00bbtop_left\u00bb background_repeat=\u00bbrepeat\u00bb custom_margin=\u00bb-50px|||\u00bb column_structure=\u00bb1_2,1_2&#8243;][et_pb_column type=\u00bb1_2&#8243; _builder_version=\u00bb3.25&#8243; custom_padding=\u00bb|||\u00bb custom_padding__hover=\u00bb|||\u00bb][et_pb_divider _builder_version=\u00bb3.4.1&#8243; background_color=\u00bb#32211e\u00bb height=\u00bb1px\u00bb custom_margin=\u00bb15px|||\u00bb][\/et_pb_divider][et_pb_text _builder_version=\u00bb3.27.4&#8243; text_text_color=\u00bb#ffffff\u00bb text_font_size=\u00bb20&#8243; text_line_height=\u00bb1.2em\u00bb header_font=\u00bbMerriweather||||\u00bb background_color=\u00bbrgba(255,255,255,0)\u00bb background_size=\u00bbinitial\u00bb background_position=\u00bbtop_left\u00bb background_repeat=\u00bbrepeat\u00bb background_layout=\u00bbdark\u00bb use_border_color=\u00bboff\u00bb]<\/p>\n<p><span style=\"color: #000000;\">MEDIO:<br \/> <strong><span style=\"color: #997700;\">TOLOSALDEKO HITZA<\/span><br \/> <\/strong>FECHA DE PUBLICACI\u00d3N:<br \/> <span style=\"color: #997700;\"><strong>2018-1-11<br \/> <\/strong><span style=\"color: #000000;\"><a href=\"https:\/\/www.sutearo.eus\/wp-content\/uploads\/2019\/11\/Tolosaldeko-Hitza.pdf\" target=\"_blank\" rel=\"noopener noreferrer\" style=\"color: #000000;\">Ver pdf\u00bb<\/a><\/span><strong><br \/> <\/strong><\/span><\/span><\/p>\n<p>[\/et_pb_text][et_pb_image src=\u00bbhttps:\/\/www.sutearo.eus\/wp-content\/uploads\/2018\/06\/Tolosaldeko-Hitza-8.jpg\u00bb show_in_lightbox=\u00bbon\u00bb _builder_version=\u00bb3.23&#8243; max_width=\u00bb75%\u00bb custom_margin=\u00bb-15px|||\u00bb always_center_on_mobile=\u00bboff\u00bb][\/et_pb_image][\/et_pb_column][et_pb_column type=\u00bb1_2&#8243; _builder_version=\u00bb3.25&#8243; custom_padding=\u00bb|||\u00bb custom_padding__hover=\u00bb|||\u00bb][\/et_pb_column][\/et_pb_row][\/et_pb_section]<\/p>\n","protected":false},"excerpt":{"rendered":"<p>MEDIOS DE COMUNICACI\u00d3NMEDIO: EKOLURRA FECHA DE INSERCI\u00d3N: 2019-JULIO Ver pdf\u00bb MEDIO: ETXALDE FECHA DE INSERCI\u00d3N: 2019-JULIO Ver pdf\u00bb MEDIO: NAIZ FECHA DE INSERCI\u00d3N:\u00a02019-ABRILMEDIO: TOKIKOM\u00a0Komunikabideen Bateragunea (23 medios) FECHA DE EMISI\u00d3N:\u00a02018-6-29MEDIO: TOKIKOM\u00a0Komunikabideen Bateragunea (23 medios) FECHA DE INSERCI\u00d3N:\u00a02018-6-29MEDIO: GOIENA ALDIZKARIA FECHA DE PUBLICACI\u00d3N: 2018-6-29 Ver pdf\u00bbMEDIO: AIARALDEA FECHA DE PUBLICACI\u00d3N: 2018-1-31 Ver pdf\u00bb MEDIO: GOIERRIKO HITZA [&hellip;]<\/p>\n","protected":false},"author":1,"featured_media":0,"parent":0,"menu_order":0,"comment_status":"closed","ping_status":"closed","template":"","meta":{"_et_pb_use_builder":"on","_et_pb_old_content":"","_et_gb_content_width":"","footnotes":""},"class_list":["post-3140","page","type-page","status-publish","hentry"],"yoast_head":"<!-- This site is optimized with the Yoast SEO plugin v27.2 - https:\/\/yoast.com\/product\/yoast-seo-wordpress\/ -->\n<title>Medios de comunicaci\u00f3n - Sutearo. Elkarri Laguntzeko Erakundea. Entidad de ayuda mutua<\/title>\n<meta name=\"robots\" content=\"index, follow, max-snippet:-1, max-image-preview:large, max-video-preview:-1\" \/>\n<link rel=\"canonical\" href=\"https:\/\/www.sutearo.eus\/es\/medios-de-comunicacion\/\" \/>\n<meta property=\"og:locale\" content=\"es_ES\" \/>\n<meta property=\"og:type\" content=\"article\" \/>\n<meta property=\"og:title\" content=\"Medios de comunicaci\u00f3n - Sutearo. Elkarri Laguntzeko Erakundea. Entidad de ayuda mutua\" \/>\n<meta property=\"og:description\" content=\"MEDIOS DE COMUNICACI\u00d3NMEDIO: EKOLURRA FECHA DE INSERCI\u00d3N: 2019-JULIO Ver pdf\u00bb MEDIO: ETXALDE FECHA DE INSERCI\u00d3N: 2019-JULIO Ver pdf\u00bb MEDIO: NAIZ FECHA DE INSERCI\u00d3N:\u00a02019-ABRILMEDIO: TOKIKOM\u00a0Komunikabideen Bateragunea (23 medios) FECHA DE EMISI\u00d3N:\u00a02018-6-29MEDIO: TOKIKOM\u00a0Komunikabideen Bateragunea (23 medios) FECHA DE INSERCI\u00d3N:\u00a02018-6-29MEDIO: GOIENA ALDIZKARIA FECHA DE PUBLICACI\u00d3N: 2018-6-29 Ver pdf\u00bbMEDIO: AIARALDEA FECHA DE PUBLICACI\u00d3N: 2018-1-31 Ver pdf\u00bb MEDIO: GOIERRIKO HITZA [&hellip;]\" \/>\n<meta property=\"og:url\" content=\"https:\/\/www.sutearo.eus\/es\/medios-de-comunicacion\/\" \/>\n<meta property=\"og:site_name\" content=\"Sutearo. Elkarri Laguntzeko Erakundea. Entidad de ayuda mutua\" \/>\n<meta property=\"article:modified_time\" content=\"2020-12-24T08:08:44+00:00\" \/>\n<meta name=\"twitter:card\" content=\"summary_large_image\" \/>\n<meta name=\"twitter:label1\" content=\"Tiempo de lectura\" \/>\n\t<meta name=\"twitter:data1\" content=\"10 minutos\" \/>\n<script type=\"application\/ld+json\" class=\"yoast-schema-graph\">{\"@context\":\"https:\/\/schema.org\",\"@graph\":[{\"@type\":\"WebPage\",\"@id\":\"https:\/\/www.sutearo.eus\/es\/medios-de-comunicacion\/\",\"url\":\"https:\/\/www.sutearo.eus\/es\/medios-de-comunicacion\/\",\"name\":\"Medios de comunicaci\u00f3n - Sutearo. Elkarri Laguntzeko Erakundea. Entidad de ayuda mutua\",\"isPartOf\":{\"@id\":\"https:\/\/www.sutearo.eus\/#website\"},\"datePublished\":\"2018-06-26T09:23:00+00:00\",\"dateModified\":\"2020-12-24T08:08:44+00:00\",\"breadcrumb\":{\"@id\":\"https:\/\/www.sutearo.eus\/es\/medios-de-comunicacion\/#breadcrumb\"},\"inLanguage\":\"es\",\"potentialAction\":[{\"@type\":\"ReadAction\",\"target\":[\"https:\/\/www.sutearo.eus\/es\/medios-de-comunicacion\/\"]}]},{\"@type\":\"BreadcrumbList\",\"@id\":\"https:\/\/www.sutearo.eus\/es\/medios-de-comunicacion\/#breadcrumb\",\"itemListElement\":[{\"@type\":\"ListItem\",\"position\":1,\"name\":\"Portada\",\"item\":\"https:\/\/www.sutearo.eus\/es\/\"},{\"@type\":\"ListItem\",\"position\":2,\"name\":\"Medios de comunicaci\u00f3n\"}]},{\"@type\":\"WebSite\",\"@id\":\"https:\/\/www.sutearo.eus\/#website\",\"url\":\"https:\/\/www.sutearo.eus\/\",\"name\":\"Sutearo. Elkarri Laguntzeko Erakundea. Entidad de ayuda mutua\",\"description\":\"Respondemos de los posibles da\u00f1os que se puedan ocasionar en nuestras viviendas\",\"potentialAction\":[{\"@type\":\"SearchAction\",\"target\":{\"@type\":\"EntryPoint\",\"urlTemplate\":\"https:\/\/www.sutearo.eus\/?s={search_term_string}\"},\"query-input\":{\"@type\":\"PropertyValueSpecification\",\"valueRequired\":true,\"valueName\":\"search_term_string\"}}],\"inLanguage\":\"es\"}]}<\/script>\n<!-- \/ Yoast SEO plugin. -->","yoast_head_json":{"title":"Medios de comunicaci\u00f3n - Sutearo. Elkarri Laguntzeko Erakundea. Entidad de ayuda mutua","robots":{"index":"index","follow":"follow","max-snippet":"max-snippet:-1","max-image-preview":"max-image-preview:large","max-video-preview":"max-video-preview:-1"},"canonical":"https:\/\/www.sutearo.eus\/es\/medios-de-comunicacion\/","og_locale":"es_ES","og_type":"article","og_title":"Medios de comunicaci\u00f3n - Sutearo. Elkarri Laguntzeko Erakundea. Entidad de ayuda mutua","og_description":"MEDIOS DE COMUNICACI\u00d3NMEDIO: EKOLURRA FECHA DE INSERCI\u00d3N: 2019-JULIO Ver pdf\u00bb MEDIO: ETXALDE FECHA DE INSERCI\u00d3N: 2019-JULIO Ver pdf\u00bb MEDIO: NAIZ FECHA DE INSERCI\u00d3N:\u00a02019-ABRILMEDIO: TOKIKOM\u00a0Komunikabideen Bateragunea (23 medios) FECHA DE EMISI\u00d3N:\u00a02018-6-29MEDIO: TOKIKOM\u00a0Komunikabideen Bateragunea (23 medios) FECHA DE INSERCI\u00d3N:\u00a02018-6-29MEDIO: GOIENA ALDIZKARIA FECHA DE PUBLICACI\u00d3N: 2018-6-29 Ver pdf\u00bbMEDIO: AIARALDEA FECHA DE PUBLICACI\u00d3N: 2018-1-31 Ver pdf\u00bb MEDIO: GOIERRIKO HITZA [&hellip;]","og_url":"https:\/\/www.sutearo.eus\/es\/medios-de-comunicacion\/","og_site_name":"Sutearo. Elkarri Laguntzeko Erakundea. Entidad de ayuda mutua","article_modified_time":"2020-12-24T08:08:44+00:00","twitter_card":"summary_large_image","twitter_misc":{"Tiempo de lectura":"10 minutos"},"schema":{"@context":"https:\/\/schema.org","@graph":[{"@type":"WebPage","@id":"https:\/\/www.sutearo.eus\/es\/medios-de-comunicacion\/","url":"https:\/\/www.sutearo.eus\/es\/medios-de-comunicacion\/","name":"Medios de comunicaci\u00f3n - Sutearo. Elkarri Laguntzeko Erakundea. Entidad de ayuda mutua","isPartOf":{"@id":"https:\/\/www.sutearo.eus\/#website"},"datePublished":"2018-06-26T09:23:00+00:00","dateModified":"2020-12-24T08:08:44+00:00","breadcrumb":{"@id":"https:\/\/www.sutearo.eus\/es\/medios-de-comunicacion\/#breadcrumb"},"inLanguage":"es","potentialAction":[{"@type":"ReadAction","target":["https:\/\/www.sutearo.eus\/es\/medios-de-comunicacion\/"]}]},{"@type":"BreadcrumbList","@id":"https:\/\/www.sutearo.eus\/es\/medios-de-comunicacion\/#breadcrumb","itemListElement":[{"@type":"ListItem","position":1,"name":"Portada","item":"https:\/\/www.sutearo.eus\/es\/"},{"@type":"ListItem","position":2,"name":"Medios de comunicaci\u00f3n"}]},{"@type":"WebSite","@id":"https:\/\/www.sutearo.eus\/#website","url":"https:\/\/www.sutearo.eus\/","name":"Sutearo. Elkarri Laguntzeko Erakundea. Entidad de ayuda mutua","description":"Respondemos de los posibles da\u00f1os que se puedan ocasionar en nuestras viviendas","potentialAction":[{"@type":"SearchAction","target":{"@type":"EntryPoint","urlTemplate":"https:\/\/www.sutearo.eus\/?s={search_term_string}"},"query-input":{"@type":"PropertyValueSpecification","valueRequired":true,"valueName":"search_term_string"}}],"inLanguage":"es"}]}},"_links":{"self":[{"href":"https:\/\/www.sutearo.eus\/es\/wp-json\/wp\/v2\/pages\/3140","targetHints":{"allow":["GET"]}}],"collection":[{"href":"https:\/\/www.sutearo.eus\/es\/wp-json\/wp\/v2\/pages"}],"about":[{"href":"https:\/\/www.sutearo.eus\/es\/wp-json\/wp\/v2\/types\/page"}],"author":[{"embeddable":true,"href":"https:\/\/www.sutearo.eus\/es\/wp-json\/wp\/v2\/users\/1"}],"replies":[{"embeddable":true,"href":"https:\/\/www.sutearo.eus\/es\/wp-json\/wp\/v2\/comments?post=3140"}],"version-history":[{"count":91,"href":"https:\/\/www.sutearo.eus\/es\/wp-json\/wp\/v2\/pages\/3140\/revisions"}],"predecessor-version":[{"id":4639,"href":"https:\/\/www.sutearo.eus\/es\/wp-json\/wp\/v2\/pages\/3140\/revisions\/4639"}],"wp:attachment":[{"href":"https:\/\/www.sutearo.eus\/es\/wp-json\/wp\/v2\/media?parent=3140"}],"curies":[{"name":"wp","href":"https:\/\/api.w.org\/{rel}","templated":true}]}}